{"id":115,"date":"2020-04-28T16:47:19","date_gmt":"2020-04-28T14:47:19","guid":{"rendered":"http:\/\/ixajhje.cluster028.hosting.ovh.net\/?page_id=115"},"modified":"2025-08-13T18:02:48","modified_gmt":"2025-08-13T16:02:48","slug":"presentation-de-salsa-grenoble","status":"publish","type":"page","link":"https:\/\/www.salsa-grenoble.fr\/index.php\/presentation-de-salsa-grenoble\/","title":{"rendered":"Pr\u00e9sentation"},"content":{"rendered":"\n<figure class=\"wp-block-image size-large\"><img loading=\"lazy\" decoding=\"async\" width=\"820\" height=\"220\" src=\"http:\/\/ixajhje.cluster028.hosting.ovh.net\/wp-content\/uploads\/2020\/04\/salsa-gre-presentation2.png\" alt=\"\" class=\"wp-image-116\" srcset=\"https:\/\/www.salsa-grenoble.fr\/wp-content\/uploads\/2020\/04\/salsa-gre-presentation2.png 820w, https:\/\/www.salsa-grenoble.fr\/wp-content\/uploads\/2020\/04\/salsa-gre-presentation2-300x80.png 300w, https:\/\/www.salsa-grenoble.fr\/wp-content\/uploads\/2020\/04\/salsa-gre-presentation2-768x206.png 768w, https:\/\/www.salsa-grenoble.fr\/wp-content\/uploads\/2020\/04\/salsa-gre-presentation2-604x162.png 604w\" sizes=\"auto, (max-width: 820px) 100vw, 820px\" \/><\/figure>\n\n\n\n<p>Fond\u00e9e en mai 2003, Salsa Grenoble est devenue LA r\u00e9f\u00e9rence \u00e0 Grenoble dans l\u2019enseignement de la salsa cubaine authentique.<br>L\u2019\u00e9cole a form\u00e9 des milliers de salseros depuis 2003.<br>Les valeurs de l\u2019\u00e9cole sont l\u2019entraide, l\u2019amiti\u00e9, la convivialit\u00e9, le respect, la joie d\u2019apprendre dans une salle unique enti\u00e8rement d\u00e9cor\u00e9e par un artiste cubain.<br>La p\u00e9dagogie Salsa Grenoble vous garantit de savoir danser tr\u00e8s rapidement et partout dans le monde !<br>Chaque ann\u00e9e, les professeurs de l\u2019\u00e9cole partent continuer leur formation \u00e0 Santiago de Cuba.<br>Venez essayer tous nos cours gratuitement la premi\u00e8re semaine de septembre.<\/p>\n\n\n\n<p><\/p>\n\n\n\n<hr class=\"wp-block-separator has-css-opacity\"\/>\n\n\n\n<p>La p\u00e9dagogie enseign\u00e9e \u00e0 Salsa Grenoble a permis \u00e0 de nombreux \u00e9l\u00e8ves de progresser rapidement, en mettant l\u2019accent sur la convivialit\u00e9. Plut\u00f4t que de n&rsquo;enseigner que des figures \u00e0 la cha\u00eene, nous souhaitons aussi accompagner les \u00e9l\u00e8ves pour qu&rsquo;ils comprennent les pas, les figures, le rythme et les diff\u00e9rentes cultures qui \u00e9mergent de la danse pratiqu\u00e9e.\u00a0Par cette d\u00e9marche, les \u00e9l\u00e8ves peuvent mieux ma\u00eetriser la danse et se sentir plus \u00e0 l&rsquo;aise.<br>Nous mettons \u00e9galement l&rsquo;accent sur le style. C&rsquo;est pourquoi, nous tenons \u00e0 ce que les \u00e9l\u00e8ves puissent r\u00e9viser \u00e0 travers les vid\u00e9os des cours ce qui a \u00e9t\u00e9 vu et proposons des cours pour hommes et femmes exclusivement centr\u00e9s sur le style.<br>N&rsquo;h\u00e9sitez jamais \u00e0 poser des questions aux professeurs m\u00eame apr\u00e8s les cours, nous sommes l\u00e0 pour \u00e7a !<br>Avec en plus, des soir\u00e9es r\u00e9unissant des salseros de toute la r\u00e9gion, autant de moments qui permettent de pratiquer dans une ambiance chaleureuse.<\/p>\n\n\n\n<hr class=\"wp-block-separator has-css-opacity\"\/>\n\n\n\n<figure class=\"wp-block-image size-large\"><img loading=\"lazy\" decoding=\"async\" width=\"472\" height=\"582\" src=\"http:\/\/ixajhje.cluster028.hosting.ovh.net\/wp-content\/uploads\/2020\/04\/page2.jpg\" alt=\"\" class=\"wp-image-117\" srcset=\"https:\/\/www.salsa-grenoble.fr\/wp-content\/uploads\/2020\/04\/page2.jpg 472w, https:\/\/www.salsa-grenoble.fr\/wp-content\/uploads\/2020\/04\/page2-243x300.jpg 243w, https:\/\/www.salsa-grenoble.fr\/wp-content\/uploads\/2020\/04\/page2-219x270.jpg 219w\" sizes=\"auto, (max-width: 472px) 100vw, 472px\" \/><\/figure>\n\n\n\n<figure class=\"wp-block-image size-large\"><img loading=\"lazy\" decoding=\"async\" width=\"470\" height=\"618\" src=\"http:\/\/ixajhje.cluster028.hosting.ovh.net\/wp-content\/uploads\/2020\/04\/page3.jpg\" alt=\"\" class=\"wp-image-118\" srcset=\"https:\/\/www.salsa-grenoble.fr\/wp-content\/uploads\/2020\/04\/page3.jpg 470w, https:\/\/www.salsa-grenoble.fr\/wp-content\/uploads\/2020\/04\/page3-228x300.jpg 228w, https:\/\/www.salsa-grenoble.fr\/wp-content\/uploads\/2020\/04\/page3-205x270.jpg 205w\" sizes=\"auto, (max-width: 470px) 100vw, 470px\" \/><\/figure>\n\n\n\n<figure class=\"wp-block-image size-large\"><img loading=\"lazy\" decoding=\"async\" width=\"471\" height=\"462\" src=\"http:\/\/ixajhje.cluster028.hosting.ovh.net\/wp-content\/uploads\/2020\/04\/page4.jpg\" alt=\"\" class=\"wp-image-119\" srcset=\"https:\/\/www.salsa-grenoble.fr\/wp-content\/uploads\/2020\/04\/page4.jpg 471w, https:\/\/www.salsa-grenoble.fr\/wp-content\/uploads\/2020\/04\/page4-300x294.jpg 300w, https:\/\/www.salsa-grenoble.fr\/wp-content\/uploads\/2020\/04\/page4-275x270.jpg 275w\" sizes=\"auto, (max-width: 471px) 100vw, 471px\" \/><\/figure>\n\n\n\n<figure class=\"wp-block-image size-large\"><img loading=\"lazy\" decoding=\"async\" width=\"473\" height=\"647\" src=\"http:\/\/ixajhje.cluster028.hosting.ovh.net\/wp-content\/uploads\/2020\/04\/page5.jpg\" alt=\"\" class=\"wp-image-120\" srcset=\"https:\/\/www.salsa-grenoble.fr\/wp-content\/uploads\/2020\/04\/page5.jpg 473w, https:\/\/www.salsa-grenoble.fr\/wp-content\/uploads\/2020\/04\/page5-219x300.jpg 219w, https:\/\/www.salsa-grenoble.fr\/wp-content\/uploads\/2020\/04\/page5-197x270.jpg 197w\" sizes=\"auto, (max-width: 473px) 100vw, 473px\" \/><\/figure>\n\n\n\n<figure class=\"wp-block-image size-large\"><img loading=\"lazy\" decoding=\"async\" width=\"471\" height=\"615\" src=\"http:\/\/ixajhje.cluster028.hosting.ovh.net\/wp-content\/uploads\/2020\/04\/page6.jpg\" alt=\"\" class=\"wp-image-121\" srcset=\"https:\/\/www.salsa-grenoble.fr\/wp-content\/uploads\/2020\/04\/page6.jpg 471w, https:\/\/www.salsa-grenoble.fr\/wp-content\/uploads\/2020\/04\/page6-230x300.jpg 230w, https:\/\/www.salsa-grenoble.fr\/wp-content\/uploads\/2020\/04\/page6-207x270.jpg 207w\" sizes=\"auto, (max-width: 471px) 100vw, 471px\" \/><\/figure>\n\n\n\n<figure class=\"wp-block-image size-large\"><img loading=\"lazy\" decoding=\"async\" width=\"472\" height=\"643\" src=\"http:\/\/ixajhje.cluster028.hosting.ovh.net\/wp-content\/uploads\/2020\/04\/page7.jpg\" alt=\"\" class=\"wp-image-122\" srcset=\"https:\/\/www.salsa-grenoble.fr\/wp-content\/uploads\/2020\/04\/page7.jpg 472w, https:\/\/www.salsa-grenoble.fr\/wp-content\/uploads\/2020\/04\/page7-220x300.jpg 220w, https:\/\/www.salsa-grenoble.fr\/wp-content\/uploads\/2020\/04\/page7-198x270.jpg 198w\" sizes=\"auto, (max-width: 472px) 100vw, 472px\" \/><\/figure>\n","protected":false},"excerpt":{"rendered":"<p>Fond\u00e9e en mai 2003, Salsa Grenoble est devenue LA r\u00e9f\u00e9rence \u00e0 Grenoble dans l\u2019enseignement de la salsa cubaine authentique.L\u2019\u00e9cole a form\u00e9 des milliers de salseros depuis 2003.Les valeurs de l\u2019\u00e9cole sont l\u2019entraide, l\u2019amiti\u00e9, la convivialit\u00e9, le respect, la joie d\u2019apprendre dans une salle unique enti\u00e8rement d\u00e9cor\u00e9e par un artiste cubain.La p\u00e9dagogie Salsa Grenoble vous garantit de savoir danser tr\u00e8s rapidement et partout dans le monde !Chaque ann\u00e9e, les professeurs de l\u2019\u00e9cole partent continuer leur formation \u00e0 Santiago de Cuba.Venez essayer&#8230;<\/p>\n<p class=\"read-more\"><a class=\"btn btn-default\" href=\"https:\/\/www.salsa-grenoble.fr\/index.php\/presentation-de-salsa-grenoble\/\">Lire la suite<span class=\"screen-reader-text\"> Lire la suite<\/span><\/a><\/p>\n","protected":false},"author":1,"featured_media":0,"parent":0,"menu_order":0,"comment_status":"closed","ping_status":"closed","template":"","meta":{"_bbp_topic_count":0,"_bbp_reply_count":0,"_bbp_total_topic_count":0,"_bbp_total_reply_count":0,"_bbp_voice_count":0,"_bbp_anonymous_reply_count":0,"_bbp_topic_count_hidden":0,"_bbp_reply_count_hidden":0,"_bbp_forum_subforum_count":0,"footnotes":""},"class_list":["post-115","page","type-page","status-publish","hentry"],"yoast_head":"<!-- This site is optimized with the Yoast SEO plugin v25.8 - https:\/\/yoast.com\/wordpress\/plugins\/seo\/ -->\n<title>Pr\u00e9sentation - Salsa Grenoble<\/title>\n<meta name=\"description\" content=\"Presentation de l&#039;\u00e9cole de danse Salsa Grenoble\" \/>\n<meta name=\"robots\" content=\"index, follow, max-snippet:-1, max-image-preview:large, max-video-preview:-1\" \/>\n<link rel=\"canonical\" href=\"https:\/\/www.salsa-grenoble.fr\/index.php\/presentation-de-salsa-grenoble\/\" \/>\n<meta property=\"og:locale\" content=\"fr_FR\" \/>\n<meta property=\"og:type\" content=\"article\" \/>\n<meta property=\"og:title\" content=\"Pr\u00e9sentation - Salsa Grenoble\" \/>\n<meta property=\"og:description\" content=\"Presentation de l&#039;\u00e9cole de danse Salsa Grenoble\" \/>\n<meta property=\"og:url\" content=\"https:\/\/www.salsa-grenoble.fr\/index.php\/presentation-de-salsa-grenoble\/\" \/>\n<meta property=\"og:site_name\" content=\"Salsa Grenoble\" \/>\n<meta property=\"article:publisher\" content=\"https:\/\/www.facebook.com\/groups\/48137432717\/\" \/>\n<meta property=\"article:modified_time\" content=\"2025-08-13T16:02:48+00:00\" \/>\n<meta property=\"og:image\" content=\"https:\/\/www.salsa-grenoble.fr\/wp-content\/uploads\/2020\/04\/salsa-gre-presentation2.png\" \/>\n\t<meta property=\"og:image:width\" content=\"820\" \/>\n\t<meta property=\"og:image:height\" content=\"220\" \/>\n\t<meta property=\"og:image:type\" content=\"image\/png\" \/>\n<meta name=\"twitter:card\" content=\"summary_large_image\" \/>\n<meta name=\"twitter:label1\" content=\"Dur\u00e9e de lecture estim\u00e9e\" \/>\n\t<meta name=\"twitter:data1\" content=\"3 minutes\" \/>\n<script type=\"application\/ld+json\" class=\"yoast-schema-graph\">{\"@context\":\"https:\/\/schema.org\",\"@graph\":[{\"@type\":\"WebPage\",\"@id\":\"https:\/\/www.salsa-grenoble.fr\/index.php\/presentation-de-salsa-grenoble\/\",\"url\":\"https:\/\/www.salsa-grenoble.fr\/index.php\/presentation-de-salsa-grenoble\/\",\"name\":\"Pr\u00e9sentation - Salsa Grenoble\",\"isPartOf\":{\"@id\":\"https:\/\/www.salsa-grenoble.fr\/#website\"},\"primaryImageOfPage\":{\"@id\":\"https:\/\/www.salsa-grenoble.fr\/index.php\/presentation-de-salsa-grenoble\/#primaryimage\"},\"image\":{\"@id\":\"https:\/\/www.salsa-grenoble.fr\/index.php\/presentation-de-salsa-grenoble\/#primaryimage\"},\"thumbnailUrl\":\"http:\/\/ixajhje.cluster028.hosting.ovh.net\/wp-content\/uploads\/2020\/04\/salsa-gre-presentation2.png\",\"datePublished\":\"2020-04-28T14:47:19+00:00\",\"dateModified\":\"2025-08-13T16:02:48+00:00\",\"description\":\"Presentation de l'\u00e9cole de danse Salsa Grenoble\",\"breadcrumb\":{\"@id\":\"https:\/\/www.salsa-grenoble.fr\/index.php\/presentation-de-salsa-grenoble\/#breadcrumb\"},\"inLanguage\":\"fr-FR\",\"potentialAction\":[{\"@type\":\"ReadAction\",\"target\":[\"https:\/\/www.salsa-grenoble.fr\/index.php\/presentation-de-salsa-grenoble\/\"]}]},{\"@type\":\"ImageObject\",\"inLanguage\":\"fr-FR\",\"@id\":\"https:\/\/www.salsa-grenoble.fr\/index.php\/presentation-de-salsa-grenoble\/#primaryimage\",\"url\":\"http:\/\/ixajhje.cluster028.hosting.ovh.net\/wp-content\/uploads\/2020\/04\/salsa-gre-presentation2.png\",\"contentUrl\":\"http:\/\/ixajhje.cluster028.hosting.ovh.net\/wp-content\/uploads\/2020\/04\/salsa-gre-presentation2.png\"},{\"@type\":\"BreadcrumbList\",\"@id\":\"https:\/\/www.salsa-grenoble.fr\/index.php\/presentation-de-salsa-grenoble\/#breadcrumb\",\"itemListElement\":[{\"@type\":\"ListItem\",\"position\":1,\"name\":\"Accueil\",\"item\":\"https:\/\/www.salsa-grenoble.fr\/\"},{\"@type\":\"ListItem\",\"position\":2,\"name\":\"Pr\u00e9sentation\"}]},{\"@type\":\"WebSite\",\"@id\":\"https:\/\/www.salsa-grenoble.fr\/#website\",\"url\":\"https:\/\/www.salsa-grenoble.fr\/\",\"name\":\"Salsa Grenoble\",\"description\":\"Votre \u00e9cole de salsa cubaine \u00e0 Grenoble\",\"publisher\":{\"@id\":\"https:\/\/www.salsa-grenoble.fr\/#organization\"},\"potentialAction\":[{\"@type\":\"SearchAction\",\"target\":{\"@type\":\"EntryPoint\",\"urlTemplate\":\"https:\/\/www.salsa-grenoble.fr\/?s={search_term_string}\"},\"query-input\":{\"@type\":\"PropertyValueSpecification\",\"valueRequired\":true,\"valueName\":\"search_term_string\"}}],\"inLanguage\":\"fr-FR\"},{\"@type\":\"Organization\",\"@id\":\"https:\/\/www.salsa-grenoble.fr\/#organization\",\"name\":\"ecole de danse Salsa Grenoble\",\"url\":\"https:\/\/www.salsa-grenoble.fr\/\",\"logo\":{\"@type\":\"ImageObject\",\"inLanguage\":\"fr-FR\",\"@id\":\"https:\/\/www.salsa-grenoble.fr\/#\/schema\/logo\/image\/\",\"url\":\"https:\/\/www.salsa-grenoble.fr\/wp-content\/uploads\/2020\/04\/salsa-gre-presentation2.png\",\"contentUrl\":\"https:\/\/www.salsa-grenoble.fr\/wp-content\/uploads\/2020\/04\/salsa-gre-presentation2.png\",\"width\":820,\"height\":220,\"caption\":\"ecole de danse Salsa Grenoble\"},\"image\":{\"@id\":\"https:\/\/www.salsa-grenoble.fr\/#\/schema\/logo\/image\/\"},\"sameAs\":[\"https:\/\/www.facebook.com\/groups\/48137432717\/\",\"https:\/\/www.youtube.com\/channel\/UCZTDZZxtrEhODW5fUUtoRPQ\"]}]}<\/script>\n<!-- \/ Yoast SEO plugin. -->","yoast_head_json":{"title":"Pr\u00e9sentation - Salsa Grenoble","description":"Presentation de l'\u00e9cole de danse Salsa Grenoble","robots":{"index":"index","follow":"follow","max-snippet":"max-snippet:-1","max-image-preview":"max-image-preview:large","max-video-preview":"max-video-preview:-1"},"canonical":"https:\/\/www.salsa-grenoble.fr\/index.php\/presentation-de-salsa-grenoble\/","og_locale":"fr_FR","og_type":"article","og_title":"Pr\u00e9sentation - Salsa Grenoble","og_description":"Presentation de l'\u00e9cole de danse Salsa Grenoble","og_url":"https:\/\/www.salsa-grenoble.fr\/index.php\/presentation-de-salsa-grenoble\/","og_site_name":"Salsa Grenoble","article_publisher":"https:\/\/www.facebook.com\/groups\/48137432717\/","article_modified_time":"2025-08-13T16:02:48+00:00","og_image":[{"width":820,"height":220,"url":"https:\/\/www.salsa-grenoble.fr\/wp-content\/uploads\/2020\/04\/salsa-gre-presentation2.png","type":"image\/png"}],"twitter_card":"summary_large_image","twitter_misc":{"Dur\u00e9e de lecture estim\u00e9e":"3 minutes"},"schema":{"@context":"https:\/\/schema.org","@graph":[{"@type":"WebPage","@id":"https:\/\/www.salsa-grenoble.fr\/index.php\/presentation-de-salsa-grenoble\/","url":"https:\/\/www.salsa-grenoble.fr\/index.php\/presentation-de-salsa-grenoble\/","name":"Pr\u00e9sentation - Salsa Grenoble","isPartOf":{"@id":"https:\/\/www.salsa-grenoble.fr\/#website"},"primaryImageOfPage":{"@id":"https:\/\/www.salsa-grenoble.fr\/index.php\/presentation-de-salsa-grenoble\/#primaryimage"},"image":{"@id":"https:\/\/www.salsa-grenoble.fr\/index.php\/presentation-de-salsa-grenoble\/#primaryimage"},"thumbnailUrl":"http:\/\/ixajhje.cluster028.hosting.ovh.net\/wp-content\/uploads\/2020\/04\/salsa-gre-presentation2.png","datePublished":"2020-04-28T14:47:19+00:00","dateModified":"2025-08-13T16:02:48+00:00","description":"Presentation de l'\u00e9cole de danse Salsa Grenoble","breadcrumb":{"@id":"https:\/\/www.salsa-grenoble.fr\/index.php\/presentation-de-salsa-grenoble\/#breadcrumb"},"inLanguage":"fr-FR","potentialAction":[{"@type":"ReadAction","target":["https:\/\/www.salsa-grenoble.fr\/index.php\/presentation-de-salsa-grenoble\/"]}]},{"@type":"ImageObject","inLanguage":"fr-FR","@id":"https:\/\/www.salsa-grenoble.fr\/index.php\/presentation-de-salsa-grenoble\/#primaryimage","url":"http:\/\/ixajhje.cluster028.hosting.ovh.net\/wp-content\/uploads\/2020\/04\/salsa-gre-presentation2.png","contentUrl":"http:\/\/ixajhje.cluster028.hosting.ovh.net\/wp-content\/uploads\/2020\/04\/salsa-gre-presentation2.png"},{"@type":"BreadcrumbList","@id":"https:\/\/www.salsa-grenoble.fr\/index.php\/presentation-de-salsa-grenoble\/#breadcrumb","itemListElement":[{"@type":"ListItem","position":1,"name":"Accueil","item":"https:\/\/www.salsa-grenoble.fr\/"},{"@type":"ListItem","position":2,"name":"Pr\u00e9sentation"}]},{"@type":"WebSite","@id":"https:\/\/www.salsa-grenoble.fr\/#website","url":"https:\/\/www.salsa-grenoble.fr\/","name":"Salsa Grenoble","description":"Votre \u00e9cole de salsa cubaine \u00e0 Grenoble","publisher":{"@id":"https:\/\/www.salsa-grenoble.fr\/#organization"},"potentialAction":[{"@type":"SearchAction","target":{"@type":"EntryPoint","urlTemplate":"https:\/\/www.salsa-grenoble.fr\/?s={search_term_string}"},"query-input":{"@type":"PropertyValueSpecification","valueRequired":true,"valueName":"search_term_string"}}],"inLanguage":"fr-FR"},{"@type":"Organization","@id":"https:\/\/www.salsa-grenoble.fr\/#organization","name":"ecole de danse Salsa Grenoble","url":"https:\/\/www.salsa-grenoble.fr\/","logo":{"@type":"ImageObject","inLanguage":"fr-FR","@id":"https:\/\/www.salsa-grenoble.fr\/#\/schema\/logo\/image\/","url":"https:\/\/www.salsa-grenoble.fr\/wp-content\/uploads\/2020\/04\/salsa-gre-presentation2.png","contentUrl":"https:\/\/www.salsa-grenoble.fr\/wp-content\/uploads\/2020\/04\/salsa-gre-presentation2.png","width":820,"height":220,"caption":"ecole de danse Salsa Grenoble"},"image":{"@id":"https:\/\/www.salsa-grenoble.fr\/#\/schema\/logo\/image\/"},"sameAs":["https:\/\/www.facebook.com\/groups\/48137432717\/","https:\/\/www.youtube.com\/channel\/UCZTDZZxtrEhODW5fUUtoRPQ"]}]}},"_links":{"self":[{"href":"https:\/\/www.salsa-grenoble.fr\/index.php\/wp-json\/wp\/v2\/pages\/115","targetHints":{"allow":["GET"]}}],"collection":[{"href":"https:\/\/www.salsa-grenoble.fr\/index.php\/wp-json\/wp\/v2\/pages"}],"about":[{"href":"https:\/\/www.salsa-grenoble.fr\/index.php\/wp-json\/wp\/v2\/types\/page"}],"author":[{"embeddable":true,"href":"https:\/\/www.salsa-grenoble.fr\/index.php\/wp-json\/wp\/v2\/users\/1"}],"replies":[{"embeddable":true,"href":"https:\/\/www.salsa-grenoble.fr\/index.php\/wp-json\/wp\/v2\/comments?post=115"}],"version-history":[{"count":4,"href":"https:\/\/www.salsa-grenoble.fr\/index.php\/wp-json\/wp\/v2\/pages\/115\/revisions"}],"predecessor-version":[{"id":1439,"href":"https:\/\/www.salsa-grenoble.fr\/index.php\/wp-json\/wp\/v2\/pages\/115\/revisions\/1439"}],"wp:attachment":[{"href":"https:\/\/www.salsa-grenoble.fr\/index.php\/wp-json\/wp\/v2\/media?parent=115"}],"curies":[{"name":"wp","href":"https:\/\/api.w.org\/{rel}","templated":true}]}}