{"id":8,"date":"2020-04-27T23:37:38","date_gmt":"2020-04-27T21:37:38","guid":{"rendered":"http:\/\/ixajhje.cluster028.hosting.ovh.net\/?page_id=8"},"modified":"2026-04-26T15:15:48","modified_gmt":"2026-04-26T13:15:48","slug":"accueil","status":"publish","type":"page","link":"https:\/\/www.salsa-grenoble.fr\/","title":{"rendered":"L&rsquo;\u00e9cole Salsa Grenoble"},"content":{"rendered":"\n<figure class=\"wp-block-image size-large\"><img loading=\"lazy\" decoding=\"async\" width=\"1024\" height=\"426\" src=\"https:\/\/www.salsa-grenoble.fr\/wp-content\/uploads\/2025\/08\/20240301_102055-1024x426.jpg\" alt=\"\" class=\"wp-image-1529\" srcset=\"https:\/\/www.salsa-grenoble.fr\/wp-content\/uploads\/2025\/08\/20240301_102055-1024x426.jpg 1024w, https:\/\/www.salsa-grenoble.fr\/wp-content\/uploads\/2025\/08\/20240301_102055-300x125.jpg 300w, https:\/\/www.salsa-grenoble.fr\/wp-content\/uploads\/2025\/08\/20240301_102055-768x319.jpg 768w, https:\/\/www.salsa-grenoble.fr\/wp-content\/uploads\/2025\/08\/20240301_102055-1536x639.jpg 1536w, https:\/\/www.salsa-grenoble.fr\/wp-content\/uploads\/2025\/08\/20240301_102055-2048x851.jpg 2048w, https:\/\/www.salsa-grenoble.fr\/wp-content\/uploads\/2025\/08\/20240301_102055-604x251.jpg 604w\" sizes=\"auto, (max-width: 1024px) 100vw, 1024px\" \/><\/figure>\n\n\n\n<p class=\"has-background\" style=\"background-color:#a2e2c8\"><strong>DEMANDE D&rsquo;INFOS A SALSA GRENOBLE <\/strong><br>Sms \/ what&rsquo;s app : 06 20 26 83 45 &#8211; Foudil<br>Adresse : 10 rue Amp\u00e8re \u00e0 Grenoble &#8211; <a href=\"https:\/\/www.salsa-grenoble.fr\/index.php\/nous-contacter\/\">Cliquez-ici pour les d\u00e9tails<\/a><\/p>\n\n\n\n<p class=\"has-very-dark-gray-color has-text-color has-background\" style=\"background-color:#a2e2c8\"><strong><mark style=\"background-color:rgba(0, 0, 0, 0)\" class=\"has-inline-color has-black-color\">NOS PROCHAINES SOIR\u00c9ES <\/mark><\/strong><br><strong><mark style=\"background-color:rgba(0, 0, 0, 0)\" class=\"has-inline-color has-vivid-red-color\">21\/<strong><mark style=\"background-color:rgba(0, 0, 0, 0)\" class=\"has-inline-color has-vivid-red-color\">03<\/mark><\/strong><\/mark><\/strong> : <strong><mark style=\"background-color:rgba(0, 0, 0, 0)\" class=\"has-inline-color has-black-color\">Soir\u00e9e <\/mark><\/strong><mark style=\"background-color:rgba(0, 0, 0, 0)\" class=\"has-inline-color has-black-color\"><strong>SBK avec DJ Foudil<\/strong><\/mark><br><strong><mark style=\"background-color:rgba(0, 0, 0, 0)\" class=\"has-inline-color has-vivid-red-color\">04\/<strong><mark style=\"background-color:rgba(0, 0, 0, 0)\" class=\"has-inline-color has-vivid-red-color\">04<\/mark><\/strong><\/mark><\/strong> : <strong><mark style=\"background-color:rgba(0, 0, 0, 0)\" class=\"has-inline-color has-black-color\">Soir\u00e9e <\/mark><\/strong><mark style=\"background-color:rgba(0, 0, 0, 0)\" class=\"has-inline-color has-black-color\"><strong>SBK avec DJ Aim\u00e9<\/strong><\/mark><br><strong><mark style=\"background-color:rgba(0, 0, 0, 0)\" class=\"has-inline-color has-vivid-red-color\">25\/04<\/mark><\/strong> : <mark style=\"background-color:rgba(0, 0, 0, 0)\" class=\"has-inline-color has-black-color\"><strong>Soir\u00e9e SBK <\/strong>avec <strong>DJ El Buceador<\/strong><\/mark><br><strong><mark style=\"background-color:rgba(0, 0, 0, 0)\" class=\"has-inline-color has-vivid-red-color\">23\/05<\/mark><\/strong> : <mark style=\"background-color:rgba(0, 0, 0, 0)\" class=\"has-inline-color has-black-color\"><strong>Soir\u00e9e SBK <\/strong>avec <strong>DJ El Buceador<\/strong><\/mark><br><strong><mark style=\"background-color:rgba(0, 0, 0, 0)\" class=\"has-inline-color has-vivid-red-color\">06\/<strong><mark style=\"background-color:rgba(0, 0, 0, 0)\" class=\"has-inline-color has-vivid-red-color\">06<\/mark><\/strong><\/mark><\/strong> : <strong><mark style=\"background-color:rgba(0, 0, 0, 0)\" class=\"has-inline-color has-black-color\">Soir\u00e9e <\/mark><\/strong><mark style=\"background-color:rgba(0, 0, 0, 0)\" class=\"has-inline-color has-black-color\"><strong>SBK avec DJ Aim\u00e9<\/strong><\/mark><br><strong><mark style=\"background-color:rgba(0, 0, 0, 0)\" class=\"has-inline-color has-vivid-red-color\">13\/06<\/mark><\/strong> : <mark style=\"background-color:rgba(0, 0, 0, 0)\" class=\"has-inline-color has-black-color\"><strong>Soir\u00e9e SBK <\/strong>avec <strong>DJ El Buceador<\/strong><\/mark><br><\/p>\n\n\n\n<p class=\"has-very-dark-gray-color has-text-color has-background\" style=\"background-color:#a2e2c8\"><strong><mark style=\"background-color:rgba(0, 0, 0, 0)\" class=\"has-inline-color has-black-color\"><strong><mark style=\"background-color:rgba(0, 0, 0, 0)\" class=\"has-inline-color has-black-color\">NOS PROCHAINS STAGES AVEC FOUDIL<\/mark><\/strong><\/mark><\/strong><br><strong><mark style=\"background-color:rgba(0, 0, 0, 0)\" class=\"has-inline-color has-vivid-red-color\">21\/03 <\/mark><\/strong>: <a href=\"https:\/\/chat.whatsapp.com\/FmzdlEMtTBmJ8ODeTZuy7g\"><mark style=\"background-color:rgba(0, 0, 0, 0)\" class=\"has-inline-color has-black-color\"><strong>Stage \u00ab\u00a0Rythme et style\u00a0\u00bb<\/strong> de <strong>11h \u00e0 12h<\/strong> <strong>&#8211; 10 euros <\/strong><\/mark><\/a> <mark style=\"background-color:rgba(0, 0, 0, 0)\" class=\"has-inline-color has-black-color\">&#8211; <strong>Stage confirm\u00e9<\/strong><\/mark><br><br><strong><mark style=\"background-color:rgba(0, 0, 0, 0)\" class=\"has-inline-color has-black-color\"><strong><mark style=\"background-color:rgba(0, 0, 0, 0)\" class=\"has-inline-color has-black-color\">NOS PROCHAINS STAGES AVEC AUR\u00c9LIE<\/mark><\/strong><\/mark><\/strong><br><strong><mark style=\"background-color:rgba(0, 0, 0, 0)\" class=\"has-inline-color has-black-color\">28 mars \/ 25 avril \/ 23 mai \/ 20 Juin<\/mark><\/strong><br><\/p>\n\n\n\n<p class=\"has-very-dark-gray-color has-text-color has-background\" style=\"background-color:#a2e2c8\"><strong><mark style=\"background-color:rgba(0, 0, 0, 0)\" class=\"has-inline-color has-black-color\">INFO <strong><mark style=\"background-color:rgba(0, 0, 0, 0)\" class=\"has-inline-color has-black-color\">\u00c9L\u00c8VES SALSA GRENOBLE<\/mark><\/strong><\/mark><\/strong><br>&#8211; <mark style=\"background-color:rgba(0, 0, 0, 0)\" class=\"has-inline-color has-vivid-red-color\"><strong>Attention, pas de cours collectifs pendant les vacances scolaires<\/strong><\/mark> <mark style=\"background-color:rgba(0, 0, 0, 0)\" class=\"has-inline-color has-vivid-red-color\"><strong>et jours f\u00e9ri\u00e9s.<\/strong><\/mark><br><mark style=\"background-color:rgba(0, 0, 0, 0)\" class=\"has-inline-color has-black-color\">Prochaine vacances : Du 4 au 19 avril 2026, reprise des cours le lundi 20 avril 2026<\/mark><br>&#8211; <mark style=\"background-color:rgba(0, 0, 0, 0)\" class=\"has-inline-color has-black-color\">Ap\u00e9ro d\u00eenatoire dansant d\u00e8s 19h30 : Prochain le mercredi 8 avril  2026<\/mark><br><mark style=\"background-color:rgba(0, 0, 0, 0)\" class=\"has-inline-color has-black-color\">&#8211; Fin des cours : Vendredi 19 Juin 2026<\/mark><br><\/p>\n\n\n<div class=\"wp-block-image is-resized\">\n<figure class=\"aligncenter size-large\"><img loading=\"lazy\" decoding=\"async\" width=\"1024\" height=\"1024\" src=\"https:\/\/www.salsa-grenoble.fr\/wp-content\/uploads\/2024\/10\/SG-1024x1024.jpg\" alt=\"\" class=\"wp-image-1230\" style=\"width:262px;height:auto\" srcset=\"https:\/\/www.salsa-grenoble.fr\/wp-content\/uploads\/2024\/10\/SG-1024x1024.jpg 1024w, https:\/\/www.salsa-grenoble.fr\/wp-content\/uploads\/2024\/10\/SG-300x300.jpg 300w, https:\/\/www.salsa-grenoble.fr\/wp-content\/uploads\/2024\/10\/SG-150x150.jpg 150w, https:\/\/www.salsa-grenoble.fr\/wp-content\/uploads\/2024\/10\/SG-768x768.jpg 768w, https:\/\/www.salsa-grenoble.fr\/wp-content\/uploads\/2024\/10\/SG.jpg 1536w, https:\/\/www.salsa-grenoble.fr\/wp-content\/uploads\/2024\/10\/SG-270x270.jpg 270w\" sizes=\"auto, (max-width: 1024px) 100vw, 1024px\" \/><\/figure><\/div>\n\n\n<p><\/p>\n\n\n\n<h2 class=\"wp-block-heading\">D\u00e9tails de nos \u00e9v\u00e8nements<\/h2>\n\n\n\n<p class=\"has-background\" style=\"background-color:#ffe1e9\"><strong>SOIREE SBK avec DJ Aim\u00e9 \/ DJ Foudil \/ DJ El Buceador Nicolas !<\/strong><br>Initiation tous niveaux \u00e0 20h15 avec Foudil<br>Soir\u00e9e d\u00e8s 21h30 jusqu&rsquo;\u00e0 1h30.<br><strong>Paf <\/strong>: 7 euros<br><strong>Lieu <\/strong>: 10 rue Amp\u00e8re \u00e0 Grenoble<br>Pas besoin de r\u00e9server.<br>Tram A \u00ab\u00a0Berriat magasin\u00a0\u00bb \u00e0 2 min.<\/p>\n\n\n\n<p class=\"has-background\" style=\"background-color:#ffe1e9\"><span class=\"has-inline-color has-vivid-red-color\"><strong>* STAGE  RYTHME ET STYLE  *<\/strong><\/span><br><strong>STAGE  \u00e0 la cubaine, pendant 1h on travaille en musique !<\/strong><br>De 11h \u00e0 12h avec Foudil<br><strong>Tarif <\/strong>: 10 euros <br><strong>Venez directement ! <\/strong><br>SMS \/ What&rsquo;s app \/ 06 20 26 83 45 <br><br><strong>Niveau <\/strong>: Tous niveaux<br><strong>Stage <\/strong>: Le stage est confirm\u00e9 ! Venez Directement ! <br>Pas besoin de r\u00e9server.<br><strong>Pr\u00e9voyez <\/strong>: Bouteille d&rsquo;eau, rechange, baskets.<br><strong>Lieu <\/strong>: 10 rue Amp\u00e8re \u00e0 Grenoble<\/p>\n\n\n\n<p class=\"has-background\" style=\"background-color:#ffe1e9\"><strong>Ap\u00e9ro d\u00eenatoire dansant <\/strong><br>D\u00e8s 19h30 &#8211; Entr\u00e9e libre<br><strong>R\u00e9serv\u00e9 aux \u00e9l\u00e8ves Salsa Grenoble<\/strong><br>Chacun ram\u00e8ne un plat sucr\u00e9 ou sal\u00e9 et une boisson.<br>(Pas de chips svp)<br><\/p>\n\n\n\n<details class=\"wp-block-details is-layout-flow wp-block-details-is-layout-flow\"><summary><\/summary>\n<p><\/p>\n<\/details>\n\n\n\n<h2 class=\"wp-block-heading\">2 semaines \u00e0 Santiago de Cuba ! <\/h2>\n\n\n\n<p class=\"has-background\" style=\"background-color:#ffe1e9\">Envie d&rsquo;apprendre la <strong>salsa \u00e0 Santiago de Cuba<\/strong> pendant <strong>2 semaines<\/strong> ? <br>Logement chez l&rsquo;habitant, soir\u00e9e salsa tous les soirs ! <br>Un voyage organis\u00e9 chaque ann\u00e9e pendant les vacances de f\u00e9vrier.<br>Contactez Foudil de l&rsquo;\u00e9cole Salsa Grenoble \ud83d\ude42 <br><strong>Info <\/strong>: 06 20 26 83 45 <br><br>Consultez notre site web d\u00e9di\u00e9 au voyage \u00e0 Santiago de Cuba.<br><a href=\"http:\/\/voyage-a-cuba.fr\">http:\/\/voyage-a-cuba.fr<\/a><\/p>\n\n\n\n<div class=\"wp-block-group\"><div class=\"wp-block-group__inner-container is-layout-flow wp-block-group-is-layout-flow\">\n<div class=\"wp-block-group\"><div class=\"wp-block-group__inner-container is-layout-flow wp-block-group-is-layout-flow\">\n<figure class=\"wp-block-image size-large\"><img loading=\"lazy\" decoding=\"async\" width=\"1024\" height=\"768\" src=\"https:\/\/www.salsa-grenoble.fr\/wp-content\/uploads\/2024\/04\/Pub-Cuba-2025-1024x768.jpg\" alt=\"\" class=\"wp-image-1149\" srcset=\"https:\/\/www.salsa-grenoble.fr\/wp-content\/uploads\/2024\/04\/Pub-Cuba-2025-1024x768.jpg 1024w, https:\/\/www.salsa-grenoble.fr\/wp-content\/uploads\/2024\/04\/Pub-Cuba-2025-300x225.jpg 300w, https:\/\/www.salsa-grenoble.fr\/wp-content\/uploads\/2024\/04\/Pub-Cuba-2025-768x576.jpg 768w, https:\/\/www.salsa-grenoble.fr\/wp-content\/uploads\/2024\/04\/Pub-Cuba-2025-1536x1152.jpg 1536w, https:\/\/www.salsa-grenoble.fr\/wp-content\/uploads\/2024\/04\/Pub-Cuba-2025-2048x1536.jpg 2048w, https:\/\/www.salsa-grenoble.fr\/wp-content\/uploads\/2024\/04\/Pub-Cuba-2025-360x270.jpg 360w\" sizes=\"auto, (max-width: 1024px) 100vw, 1024px\" \/><\/figure>\n<\/div><\/div>\n<\/div><\/div>\n\n\n\n<hr class=\"wp-block-separator has-css-opacity\"\/>\n\n\n\n<p><\/p>\n\n\n\n<figure class=\"wp-block-embed is-type-video is-provider-youtube wp-block-embed-youtube wp-embed-aspect-16-9 wp-has-aspect-ratio\"><div class=\"wp-block-embed__wrapper\">\n<iframe loading=\"lazy\" title=\"Salsa Grenoble, Stage Rythmes et Styles 2019\" width=\"640\" height=\"360\" src=\"https:\/\/www.youtube.com\/embed\/QfM3OJoJVOY?feature=oembed\" frameborder=\"0\" allow=\"accelerometer; autoplay; clipboard-write; encrypted-media; gyroscope; picture-in-picture; web-share\" referrerpolicy=\"strict-origin-when-cross-origin\" allowfullscreen><\/iframe>\n<\/div><\/figure>\n\n\n\n<p class=\"has-background\" style=\"background-color:#ffe1e9\"><strong><mark style=\"background-color:rgba(0, 0, 0, 0)\" class=\"has-inline-color has-black-color\">Comment s&rsquo;inscrire chez Salsa Grenoble ?<\/mark><\/strong><br>* Vous pouvez vous <strong>inscrire directement<\/strong> en t\u00e9l\u00e9chargeant la fiche d&rsquo;inscription, une fois remplie vous nous la remettez \u00e0 l&rsquo;\u00e9cole ou dans la bo\u00eete aux lettres accompagn\u00e9s des ch\u00e8ques.<br>D\u00e9tails sur la fiche d&rsquo;inscription.<br><br>* Vous pouvez vous<strong> inscrire en ligne<\/strong> en nous envoyant la fiche d&rsquo;inscription par mail (foudil38@gmail.com) et en faisant un virement. Envoyer nous un sms au 06 20 26 83 45 pour nous pr\u00e9venir, on ne sait jamais si probl\u00e8me de mail. <br><br>* <strong>Apr\u00e8s les portes ouvertes<\/strong>, le cours d&rsquo;essai sera \u00e0 10 euros, ce montant sera d\u00e9duit de votre abonnement si inscription. <br>L&rsquo;inscription pourra se faire \u00e0 la fin du cours. <span class=\"has-inline-color has-very-dark-gray-color\"><br><\/span><\/p>\n\n\n\n<p class=\"has-background\" style=\"background-color:#ffe1e9\"><strong>A propos de l&rsquo;\u00e9cole Salsa Grenoble <\/strong><br>Fond\u00e9e en mai 2003, l&rsquo;\u00e9cole de danse Salsa Grenoble est devenue LA r\u00e9f\u00e9rence \u00e0 Grenoble dans l&rsquo;enseignement de la salsa cubaine authentique.<br>L&rsquo;\u00e9cole a form\u00e9 des milliers de salseros depuis 2003.<br>Les valeurs de l&rsquo;\u00e9cole sont l&rsquo;entraide, l\u2019amiti\u00e9, la convivialit\u00e9, le respect, la joie d&rsquo;apprendre dans une salle unique enti\u00e8rement d\u00e9cor\u00e9e par un artiste cubain.<br>La p\u00e9dagogie Salsa Grenoble vous garantit de savoir danser tr\u00e8s rapidement et partout dans le monde ! <br>Chaque ann\u00e9e, les professeurs de l&rsquo;\u00e9cole partent continuer leurs formations \u00e0 Santiago de Cuba.<\/p>\n\n\n\n<p><span style=\"color: #ff0000;\"><strong>Pour voir nos vid\u00e9os sur Youtube :&nbsp; <a href=\"https:\/\/www.youtube.com\/channel\/UCZTDZZxtrEhODW5fUUtoRPQ\" rel=\"noopener\"><span style=\"color: #0000ff;\">Cliquez-ici<\/span><\/a><br>Pour ceux qui utilise Facebook : <a href=\"https:\/\/www.facebook.com\/groups\/48137432717\/\"><span style=\"color: #0000ff;\">Cliquez-ici<\/span><\/a><br><\/strong> <\/span><\/p>\n\n\n\n<p><\/p>\n","protected":false},"excerpt":{"rendered":"<p>DEMANDE D&rsquo;INFOS A SALSA GRENOBLE Sms \/ what&rsquo;s app : 06 20 26 83 45 &#8211; FoudilAdresse : 10 rue Amp\u00e8re \u00e0 Grenoble &#8211; Cliquez-ici pour les d\u00e9tails NOS PROCHAINES SOIR\u00c9ES 21\/03 : Soir\u00e9e SBK avec DJ Foudil04\/04 : Soir\u00e9e SBK avec DJ Aim\u00e925\/04 : Soir\u00e9e SBK avec DJ El Buceador23\/05 : Soir\u00e9e SBK avec DJ El Buceador06\/06 : Soir\u00e9e SBK avec DJ Aim\u00e913\/06 : Soir\u00e9e SBK avec DJ El Buceador NOS PROCHAINS STAGES AVEC FOUDIL21\/03 : Stage \u00ab\u00a0Rythme et&#8230;<\/p>\n<p class=\"read-more\"><a class=\"btn btn-default\" href=\"https:\/\/www.salsa-grenoble.fr\/\">Lire la suite<span class=\"screen-reader-text\"> Lire la suite<\/span><\/a><\/p>\n","protected":false},"author":1,"featured_media":0,"parent":0,"menu_order":0,"comment_status":"closed","ping_status":"closed","template":"","meta":{"_bbp_topic_count":0,"_bbp_reply_count":0,"_bbp_total_topic_count":0,"_bbp_total_reply_count":0,"_bbp_voice_count":0,"_bbp_anonymous_reply_count":0,"_bbp_topic_count_hidden":0,"_bbp_reply_count_hidden":0,"_bbp_forum_subforum_count":0,"footnotes":""},"class_list":["post-8","page","type-page","status-publish","hentry"],"yoast_head":"<!-- This site is optimized with the Yoast SEO plugin v25.8 - https:\/\/yoast.com\/wordpress\/plugins\/seo\/ -->\n<title>L&#039;\u00e9cole Salsa Grenoble - Salsa Grenoble<\/title>\n<meta name=\"description\" content=\"Ecole de danse Salsa Grenoble\" \/>\n<meta name=\"robots\" content=\"index, follow, max-snippet:-1, max-image-preview:large, max-video-preview:-1\" \/>\n<link rel=\"canonical\" href=\"https:\/\/www.salsa-grenoble.fr\/\" \/>\n<meta property=\"og:locale\" content=\"fr_FR\" \/>\n<meta property=\"og:type\" content=\"article\" \/>\n<meta property=\"og:title\" content=\"L&#039;\u00e9cole Salsa Grenoble - Salsa Grenoble\" \/>\n<meta property=\"og:description\" content=\"Ecole de danse Salsa Grenoble\" \/>\n<meta property=\"og:url\" content=\"https:\/\/www.salsa-grenoble.fr\/\" \/>\n<meta property=\"og:site_name\" content=\"Salsa Grenoble\" \/>\n<meta property=\"article:publisher\" content=\"https:\/\/www.facebook.com\/groups\/48137432717\/\" \/>\n<meta property=\"article:modified_time\" content=\"2026-04-26T13:15:48+00:00\" \/>\n<meta property=\"og:image\" content=\"https:\/\/www.salsa-grenoble.fr\/wp-content\/uploads\/2025\/08\/20240301_102055-scaled.jpg\" \/>\n\t<meta property=\"og:image:width\" content=\"2560\" \/>\n\t<meta property=\"og:image:height\" content=\"1064\" \/>\n\t<meta property=\"og:image:type\" content=\"image\/jpeg\" \/>\n<meta name=\"twitter:card\" content=\"summary_large_image\" \/>\n<meta name=\"twitter:label1\" content=\"Dur\u00e9e de lecture estim\u00e9e\" \/>\n\t<meta name=\"twitter:data1\" content=\"4 minutes\" \/>\n<script type=\"application\/ld+json\" class=\"yoast-schema-graph\">{\"@context\":\"https:\/\/schema.org\",\"@graph\":[{\"@type\":\"WebPage\",\"@id\":\"https:\/\/www.salsa-grenoble.fr\/\",\"url\":\"https:\/\/www.salsa-grenoble.fr\/\",\"name\":\"L'\u00e9cole Salsa Grenoble - Salsa Grenoble\",\"isPartOf\":{\"@id\":\"https:\/\/www.salsa-grenoble.fr\/#website\"},\"primaryImageOfPage\":{\"@id\":\"https:\/\/www.salsa-grenoble.fr\/#primaryimage\"},\"image\":{\"@id\":\"https:\/\/www.salsa-grenoble.fr\/#primaryimage\"},\"thumbnailUrl\":\"https:\/\/www.salsa-grenoble.fr\/wp-content\/uploads\/2025\/08\/20240301_102055-1024x426.jpg\",\"datePublished\":\"2020-04-27T21:37:38+00:00\",\"dateModified\":\"2026-04-26T13:15:48+00:00\",\"description\":\"Ecole de danse Salsa Grenoble\",\"breadcrumb\":{\"@id\":\"https:\/\/www.salsa-grenoble.fr\/#breadcrumb\"},\"inLanguage\":\"fr-FR\",\"potentialAction\":[{\"@type\":\"ReadAction\",\"target\":[\"https:\/\/www.salsa-grenoble.fr\/\"]}]},{\"@type\":\"ImageObject\",\"inLanguage\":\"fr-FR\",\"@id\":\"https:\/\/www.salsa-grenoble.fr\/#primaryimage\",\"url\":\"https:\/\/www.salsa-grenoble.fr\/wp-content\/uploads\/2025\/08\/20240301_102055-scaled.jpg\",\"contentUrl\":\"https:\/\/www.salsa-grenoble.fr\/wp-content\/uploads\/2025\/08\/20240301_102055-scaled.jpg\",\"width\":2560,\"height\":1064},{\"@type\":\"BreadcrumbList\",\"@id\":\"https:\/\/www.salsa-grenoble.fr\/#breadcrumb\",\"itemListElement\":[{\"@type\":\"ListItem\",\"position\":1,\"name\":\"Accueil\",\"item\":\"https:\/\/www.salsa-grenoble.fr\/\"},{\"@type\":\"ListItem\",\"position\":2,\"name\":\"L&rsquo;\u00e9cole Salsa Grenoble\"}]},{\"@type\":\"WebSite\",\"@id\":\"https:\/\/www.salsa-grenoble.fr\/#website\",\"url\":\"https:\/\/www.salsa-grenoble.fr\/\",\"name\":\"Salsa Grenoble\",\"description\":\"Votre \u00e9cole de salsa cubaine \u00e0 Grenoble\",\"publisher\":{\"@id\":\"https:\/\/www.salsa-grenoble.fr\/#organization\"},\"potentialAction\":[{\"@type\":\"SearchAction\",\"target\":{\"@type\":\"EntryPoint\",\"urlTemplate\":\"https:\/\/www.salsa-grenoble.fr\/?s={search_term_string}\"},\"query-input\":{\"@type\":\"PropertyValueSpecification\",\"valueRequired\":true,\"valueName\":\"search_term_string\"}}],\"inLanguage\":\"fr-FR\"},{\"@type\":\"Organization\",\"@id\":\"https:\/\/www.salsa-grenoble.fr\/#organization\",\"name\":\"ecole de danse Salsa Grenoble\",\"url\":\"https:\/\/www.salsa-grenoble.fr\/\",\"logo\":{\"@type\":\"ImageObject\",\"inLanguage\":\"fr-FR\",\"@id\":\"https:\/\/www.salsa-grenoble.fr\/#\/schema\/logo\/image\/\",\"url\":\"https:\/\/www.salsa-grenoble.fr\/wp-content\/uploads\/2020\/04\/salsa-gre-presentation2.png\",\"contentUrl\":\"https:\/\/www.salsa-grenoble.fr\/wp-content\/uploads\/2020\/04\/salsa-gre-presentation2.png\",\"width\":820,\"height\":220,\"caption\":\"ecole de danse Salsa Grenoble\"},\"image\":{\"@id\":\"https:\/\/www.salsa-grenoble.fr\/#\/schema\/logo\/image\/\"},\"sameAs\":[\"https:\/\/www.facebook.com\/groups\/48137432717\/\",\"https:\/\/www.youtube.com\/channel\/UCZTDZZxtrEhODW5fUUtoRPQ\"]}]}<\/script>\n<!-- \/ Yoast SEO plugin. -->","yoast_head_json":{"title":"L'\u00e9cole Salsa Grenoble - Salsa Grenoble","description":"Ecole de danse Salsa Grenoble","robots":{"index":"index","follow":"follow","max-snippet":"max-snippet:-1","max-image-preview":"max-image-preview:large","max-video-preview":"max-video-preview:-1"},"canonical":"https:\/\/www.salsa-grenoble.fr\/","og_locale":"fr_FR","og_type":"article","og_title":"L'\u00e9cole Salsa Grenoble - Salsa Grenoble","og_description":"Ecole de danse Salsa Grenoble","og_url":"https:\/\/www.salsa-grenoble.fr\/","og_site_name":"Salsa Grenoble","article_publisher":"https:\/\/www.facebook.com\/groups\/48137432717\/","article_modified_time":"2026-04-26T13:15:48+00:00","og_image":[{"width":2560,"height":1064,"url":"https:\/\/www.salsa-grenoble.fr\/wp-content\/uploads\/2025\/08\/20240301_102055-scaled.jpg","type":"image\/jpeg"}],"twitter_card":"summary_large_image","twitter_misc":{"Dur\u00e9e de lecture estim\u00e9e":"4 minutes"},"schema":{"@context":"https:\/\/schema.org","@graph":[{"@type":"WebPage","@id":"https:\/\/www.salsa-grenoble.fr\/","url":"https:\/\/www.salsa-grenoble.fr\/","name":"L'\u00e9cole Salsa Grenoble - Salsa Grenoble","isPartOf":{"@id":"https:\/\/www.salsa-grenoble.fr\/#website"},"primaryImageOfPage":{"@id":"https:\/\/www.salsa-grenoble.fr\/#primaryimage"},"image":{"@id":"https:\/\/www.salsa-grenoble.fr\/#primaryimage"},"thumbnailUrl":"https:\/\/www.salsa-grenoble.fr\/wp-content\/uploads\/2025\/08\/20240301_102055-1024x426.jpg","datePublished":"2020-04-27T21:37:38+00:00","dateModified":"2026-04-26T13:15:48+00:00","description":"Ecole de danse Salsa Grenoble","breadcrumb":{"@id":"https:\/\/www.salsa-grenoble.fr\/#breadcrumb"},"inLanguage":"fr-FR","potentialAction":[{"@type":"ReadAction","target":["https:\/\/www.salsa-grenoble.fr\/"]}]},{"@type":"ImageObject","inLanguage":"fr-FR","@id":"https:\/\/www.salsa-grenoble.fr\/#primaryimage","url":"https:\/\/www.salsa-grenoble.fr\/wp-content\/uploads\/2025\/08\/20240301_102055-scaled.jpg","contentUrl":"https:\/\/www.salsa-grenoble.fr\/wp-content\/uploads\/2025\/08\/20240301_102055-scaled.jpg","width":2560,"height":1064},{"@type":"BreadcrumbList","@id":"https:\/\/www.salsa-grenoble.fr\/#breadcrumb","itemListElement":[{"@type":"ListItem","position":1,"name":"Accueil","item":"https:\/\/www.salsa-grenoble.fr\/"},{"@type":"ListItem","position":2,"name":"L&rsquo;\u00e9cole Salsa Grenoble"}]},{"@type":"WebSite","@id":"https:\/\/www.salsa-grenoble.fr\/#website","url":"https:\/\/www.salsa-grenoble.fr\/","name":"Salsa Grenoble","description":"Votre \u00e9cole de salsa cubaine \u00e0 Grenoble","publisher":{"@id":"https:\/\/www.salsa-grenoble.fr\/#organization"},"potentialAction":[{"@type":"SearchAction","target":{"@type":"EntryPoint","urlTemplate":"https:\/\/www.salsa-grenoble.fr\/?s={search_term_string}"},"query-input":{"@type":"PropertyValueSpecification","valueRequired":true,"valueName":"search_term_string"}}],"inLanguage":"fr-FR"},{"@type":"Organization","@id":"https:\/\/www.salsa-grenoble.fr\/#organization","name":"ecole de danse Salsa Grenoble","url":"https:\/\/www.salsa-grenoble.fr\/","logo":{"@type":"ImageObject","inLanguage":"fr-FR","@id":"https:\/\/www.salsa-grenoble.fr\/#\/schema\/logo\/image\/","url":"https:\/\/www.salsa-grenoble.fr\/wp-content\/uploads\/2020\/04\/salsa-gre-presentation2.png","contentUrl":"https:\/\/www.salsa-grenoble.fr\/wp-content\/uploads\/2020\/04\/salsa-gre-presentation2.png","width":820,"height":220,"caption":"ecole de danse Salsa Grenoble"},"image":{"@id":"https:\/\/www.salsa-grenoble.fr\/#\/schema\/logo\/image\/"},"sameAs":["https:\/\/www.facebook.com\/groups\/48137432717\/","https:\/\/www.youtube.com\/channel\/UCZTDZZxtrEhODW5fUUtoRPQ"]}]}},"_links":{"self":[{"href":"https:\/\/www.salsa-grenoble.fr\/index.php\/wp-json\/wp\/v2\/pages\/8","targetHints":{"allow":["GET"]}}],"collection":[{"href":"https:\/\/www.salsa-grenoble.fr\/index.php\/wp-json\/wp\/v2\/pages"}],"about":[{"href":"https:\/\/www.salsa-grenoble.fr\/index.php\/wp-json\/wp\/v2\/types\/page"}],"author":[{"embeddable":true,"href":"https:\/\/www.salsa-grenoble.fr\/index.php\/wp-json\/wp\/v2\/users\/1"}],"replies":[{"embeddable":true,"href":"https:\/\/www.salsa-grenoble.fr\/index.php\/wp-json\/wp\/v2\/comments?post=8"}],"version-history":[{"count":524,"href":"https:\/\/www.salsa-grenoble.fr\/index.php\/wp-json\/wp\/v2\/pages\/8\/revisions"}],"predecessor-version":[{"id":1659,"href":"https:\/\/www.salsa-grenoble.fr\/index.php\/wp-json\/wp\/v2\/pages\/8\/revisions\/1659"}],"wp:attachment":[{"href":"https:\/\/www.salsa-grenoble.fr\/index.php\/wp-json\/wp\/v2\/media?parent=8"}],"curies":[{"name":"wp","href":"https:\/\/api.w.org\/{rel}","templated":true}]}}